{"id":412,"date":"2019-08-09T12:23:39","date_gmt":"2019-08-09T12:23:39","guid":{"rendered":"https:\/\/www.schaukaeserei.ch\/?page_id=412"},"modified":"2026-04-07T08:08:10","modified_gmt":"2026-04-07T06:08:10","slug":"veranstaltungen","status":"publish","type":"page","link":"https:\/\/www.schaukaeserei.ch\/de\/aktuelles\/veranstaltungen\/","title":{"rendered":"Veranstaltungen"},"content":{"rendered":"<div class=\"wpb-content-wrapper\"><p>[vc_row unlock_row_content=&#8220;yes&#8220; row_height_percent=&#8220;0&#8243; override_padding=&#8220;yes&#8220; h_padding=&#8220;0&#8243; top_padding=&#8220;0&#8243; bottom_padding=&#8220;0&#8243; back_image=&#8220;174&#8243; overlay_alpha=&#8220;50&#8243; equal_height=&#8220;yes&#8220; gutter_size=&#8220;0&#8243; column_width_percent=&#8220;100&#8243; shift_y=&#8220;0&#8243; z_index=&#8220;0&#8243; inverted_device_order=&#8220;yes&#8220;][vc_column column_width_percent=&#8220;100&#8243; position_vertical=&#8220;middle&#8220; gutter_size=&#8220;3&#8243; override_padding=&#8220;yes&#8220; column_padding=&#8220;5&#8243; style=&#8220;dark&#8220; back_image=&#8220;142&#8243; overlay_alpha=&#8220;50&#8243; shift_x=&#8220;0&#8243; shift_y=&#8220;0&#8243; shift_y_down=&#8220;0&#8243; z_index=&#8220;0&#8243; medium_width=&#8220;0&#8243; mobile_width=&#8220;0&#8243; width=&#8220;1\/2&#8243; el_class=&#8220;textColRight&#8220;][vc_column_text el_class=&#8220;textbox_01&#8243;]<\/p>\n<header>\n<h2>Schauch\u00e4si Stobete<\/h2>\n<\/header>\n<article><\/article>\n<p>[\/vc_column_text][\/vc_column][vc_column column_width_percent=&#8220;100&#8243; gutter_size=&#8220;3&#8243; back_image=&#8220;2072&#8243; back_position=&#8220;center center&#8220; overlay_alpha=&#8220;50&#8243; shift_x=&#8220;0&#8243; shift_y=&#8220;0&#8243; shift_y_down=&#8220;0&#8243; z_index=&#8220;0&#8243; medium_width=&#8220;0&#8243; mobile_width=&#8220;0&#8243; width=&#8220;1\/2&#8243;][vc_empty_space empty_h=&#8220;5&#8243;][vc_empty_space empty_h=&#8220;5&#8243;][vc_empty_space empty_h=&#8220;5&#8243; mobile_visibility=&#8220;yes&#8220;][\/vc_column][\/vc_row][vc_row row_height_percent=&#8220;0&#8243; override_padding=&#8220;yes&#8220; h_padding=&#8220;2&#8243; top_padding=&#8220;3&#8243; bottom_padding=&#8220;3&#8243; overlay_alpha=&#8220;50&#8243; gutter_size=&#8220;3&#8243; column_width_percent=&#8220;100&#8243; shift_y=&#8220;0&#8243; z_index=&#8220;0&#8243;][vc_column width=&#8220;1\/1&#8243;][vc_column_text uncode_shortcode_id=&#8220;100389&#8243;]Jeden 1. Sonntag im Monat gibt es live Musik in der Appenzeller Schauk\u00e4serei von 11.00 bis 16.00 Uhr. Duo- und Trioformationen spielen Appenzeller Musik vom Feinsten. Nat\u00fcrlich darf das traditionelle Z\u00e4uerli nicht fehlen.<\/p>\n<p><strong>Unser Programm 2026:<\/strong><\/p>\n<div>04.01.2026\u00a0 \u00a0 \u00a0 Streichmusik Edelweiss<\/div>\n<div>01.02.2026\u00a0 \u00a0 \u00a0 Tanzett Uhrue<\/div>\n<div>01.03.2026\u00a0 \u00a0 \u00a0 Appezeller Frauestriichmusig<\/div>\n<div>12.04.2026\u00a0 \u00a0 \u00a0 Echo vom Saum<\/div>\n<div>03.05.2026\u00a0 \u00a0 \u00a0Appezeller Frauestriichmusig<\/div>\n<div>07.06.2026\u00a0 \u00a0 \u00a0 Streichmusik Edelweiss<\/div>\n<div>05.07.2026\u00a0 \u00a0 \u00a0 Echo vom S\u00e4ntis<\/div>\n<div>02.08.2026\u00a0 \u00a0 \u00a0Tanzett Uhrue<\/div>\n<div>06.09.2026\u00a0 \u00a0 \u00a0Echo vom Saum<\/div>\n<div>05.10.2026\u00a0 \u00a0 \u00a0 Familienkapelle H\u00f6higruess<\/div>\n<div>01.11.2026\u00a0 \u00a0 \u00a0 \u00a0 Kapelle Frickbuebe<\/div>\n<div>06.12.2026\u00a0 \u00a0 \u00a0 Echo vom S\u00e4ntis<\/div>\n<p>[\/vc_column_text][\/vc_column][\/vc_row][vc_row unlock_row_content=&#8220;yes&#8220; row_height_percent=&#8220;0&#8243; override_padding=&#8220;yes&#8220; h_padding=&#8220;0&#8243; top_padding=&#8220;0&#8243; bottom_padding=&#8220;0&#8243; overlay_alpha=&#8220;50&#8243; equal_height=&#8220;yes&#8220; gutter_size=&#8220;0&#8243; column_width_percent=&#8220;100&#8243; shift_y=&#8220;0&#8243; z_index=&#8220;0&#8243; content_parallax=&#8220;0&#8243; uncode_shortcode_id=&#8220;375722&#8243; row_name=&#8220;Ostern&#8220; el_class=&#8220;hide&#8220;][vc_column column_width_percent=&#8220;100&#8243; gutter_size=&#8220;3&#8243; back_image=&#8220;9142&#8243; back_position=&#8220;center center&#8220; overlay_alpha=&#8220;50&#8243; shift_x=&#8220;0&#8243; shift_y=&#8220;0&#8243; shift_y_down=&#8220;0&#8243; z_index=&#8220;0&#8243; medium_width=&#8220;0&#8243; mobile_width=&#8220;0&#8243; width=&#8220;1\/2&#8243; uncode_shortcode_id=&#8220;209989&#8243;][vc_empty_space empty_h=&#8220;5&#8243;][vc_empty_space empty_h=&#8220;5&#8243; mobile_visibility=&#8220;yes&#8220;][vc_empty_space empty_h=&#8220;5&#8243; mobile_visibility=&#8220;yes&#8220;][\/vc_column][vc_column column_width_percent=&#8220;100&#8243; position_vertical=&#8220;middle&#8220; gutter_size=&#8220;3&#8243; override_padding=&#8220;yes&#8220; column_padding=&#8220;5&#8243; style=&#8220;dark&#8220; back_image=&#8220;142&#8243; overlay_alpha=&#8220;50&#8243; shift_x=&#8220;0&#8243; shift_y=&#8220;0&#8243; shift_y_down=&#8220;0&#8243; z_index=&#8220;0&#8243; medium_width=&#8220;0&#8243; mobile_width=&#8220;0&#8243; width=&#8220;1\/2&#8243; el_class=&#8220;textColRight&#8220; uncode_shortcode_id=&#8220;266349&#8243;][vc_column_text el_class=&#8220;textbox_01&#8243; uncode_shortcode_id=&#8220;128161&#8243;]<\/p>\n<header>\n<h2>Ostern in der Schauk\u00e4serei<\/h2>\n<p>OSTERPROGRAMM<\/p>\n<\/header>\n<article><\/article>\n<p>[\/vc_column_text][\/vc_column][\/vc_row][vc_row row_height_percent=&#8220;0&#8243; override_padding=&#8220;yes&#8220; h_padding=&#8220;2&#8243; top_padding=&#8220;3&#8243; bottom_padding=&#8220;3&#8243; overlay_alpha=&#8220;50&#8243; gutter_size=&#8220;3&#8243; column_width_percent=&#8220;100&#8243; shift_y=&#8220;0&#8243; z_index=&#8220;0&#8243; content_parallax=&#8220;0&#8243; uncode_shortcode_id=&#8220;135512&#8243; el_class=&#8220;hide&#8220;][vc_column width=&#8220;1\/1&#8243;][vc_column_text uncode_shortcode_id=&#8220;153619&#8243;]<strong>Verbringen Sie die Oster-Festtage mit Ihrer Familie und Freunden der Appenzeller Schauk\u00e4serei! <\/strong>Freuen Sie sich auf unser Osterprogramm. Entdecken Sie unsere kulinarische Angebote sowie die Ostereiersuche im Schaubereich.[\/vc_column_text][vc_empty_space empty_h=&#8220;2&#8243;][vc_row_inner row_inner_height_percent=&#8220;0&#8243; overlay_alpha=&#8220;50&#8243; gutter_size=&#8220;3&#8243; border_color=&#8220;color-jevc&#8220; border_style=&#8220;solid&#8220; shift_y=&#8220;0&#8243; z_index=&#8220;0&#8243; css=&#8220;.vc_custom_1769776029877{margin-top: 0px !important;margin-bottom: 0px !important;border-top-width: 0px !important;padding-top: 0px !important;padding-bottom: 0px !important;}&#8220; limit_content=&#8220;&#8220; uncode_shortcode_id=&#8220;592975&#8243; border_color_type=&#8220;uncode-palette&#8220;][vc_column_inner column_width_percent=&#8220;100&#8243; gutter_size=&#8220;3&#8243; overlay_alpha=&#8220;50&#8243; shift_x=&#8220;0&#8243; shift_y=&#8220;0&#8243; shift_y_down=&#8220;0&#8243; z_index=&#8220;0&#8243; medium_width=&#8220;3&#8243; mobile_width=&#8220;3&#8243; width=&#8220;2\/6&#8243;][vc_single_image media=&#8220;11913&#8243; media_width_percent=&#8220;100&#8243; alignment=&#8220;center&#8220; uncode_shortcode_id=&#8220;138989&#8243;][\/vc_column_inner][vc_column_inner column_width_percent=&#8220;100&#8243; gutter_size=&#8220;3&#8243; overlay_alpha=&#8220;50&#8243; shift_x=&#8220;0&#8243; shift_y=&#8220;0&#8243; shift_y_down=&#8220;0&#8243; z_index=&#8220;0&#8243; medium_width=&#8220;5&#8243; mobile_width=&#8220;5&#8243; width=&#8220;4\/6&#8243;][vc_column_text uncode_shortcode_id=&#8220;102662&#8243;]<\/p>\n<h4 data-start=\"99\" data-end=\"295\"><strong>OSTEREIERSUCHE<\/strong><\/h4>\n<p data-start=\"99\" data-end=\"295\">Freuen Sie sich auf unsere Ostereiersuche f\u00fcr Gross und Klein!<\/p>\n<p data-start=\"99\" data-end=\"295\">Wie viele Eier hat der Osterhase wohl in unserer K\u00e4serei versteckt?<br data-start=\"220\" data-end=\"223\" data-is-only-node=\"\" \/>Werden Sie alle entdecken?<\/p>\n<p><strong>Wann:<\/strong> Karfreitag, 3. April bis Ostermontag, 6. April, ab 9.00 Uhr bis 17.30 Uhr[\/vc_column_text][\/vc_column_inner][\/vc_row_inner][vc_empty_space empty_h=&#8220;2&#8243;][vc_row_inner row_inner_height_percent=&#8220;0&#8243; overlay_alpha=&#8220;50&#8243; gutter_size=&#8220;3&#8243; border_color=&#8220;color-jevc&#8220; shift_y=&#8220;0&#8243; z_index=&#8220;0&#8243; css=&#8220;.vc_custom_1771859447484{margin-top: 0px !important;border-bottom-width: 1px !important;padding-top: 0px !important;padding-bottom: 7px !important;}&#8220; limit_content=&#8220;&#8220; uncode_shortcode_id=&#8220;209619&#8243; border_color_type=&#8220;uncode-palette&#8220; el_class=&#8220;textbox_01&#8243;][vc_column_inner column_width_percent=&#8220;100&#8243; gutter_size=&#8220;3&#8243; overlay_alpha=&#8220;50&#8243; shift_x=&#8220;0&#8243; shift_y=&#8220;0&#8243; shift_y_down=&#8220;0&#8243; z_index=&#8220;0&#8243; medium_width=&#8220;3&#8243; mobile_width=&#8220;3&#8243; width=&#8220;2\/6&#8243;][vc_single_image media=&#8220;11916&#8243; media_width_percent=&#8220;100&#8243; uncode_shortcode_id=&#8220;179518&#8243;][vc_single_image media=&#8220;11901&#8243; media_width_percent=&#8220;100&#8243; uncode_shortcode_id=&#8220;692402&#8243;][\/vc_column_inner][vc_column_inner column_width_percent=&#8220;100&#8243; gutter_size=&#8220;3&#8243; overlay_alpha=&#8220;50&#8243; shift_x=&#8220;0&#8243; shift_y=&#8220;0&#8243; shift_y_down=&#8220;0&#8243; z_index=&#8220;0&#8243; medium_width=&#8220;5&#8243; mobile_width=&#8220;5&#8243; width=&#8220;4\/6&#8243;][vc_column_text uncode_shortcode_id=&#8220;236308&#8243;]<\/p>\n<h4 data-start=\"99\" data-end=\"295\"><strong>OSTER-FR\u00dcHST\u00dcCKSBUFFET<span style=\"color: #ff0000;\">\u00a0(bereits ausgebucht)<\/span><\/strong><\/h4>\n<h4 data-start=\"99\" data-end=\"295\"><mark><\/mark>Starten Sie genussvoll in den Tag mit unserem reichhaltigen Fr\u00fchst\u00fccksbuffet.<\/h4>\n<p data-start=\"301\" data-end=\"474\"><strong data-start=\"301\" data-end=\"310\">Wann:<\/strong> Ostersonntag 5. April, 9.00\u201311.00 Uhr<br data-start=\"366\" data-end=\"369\" \/><em>(Reservation empfohlen)<br data-start=\"366\" data-end=\"369\" \/><\/em><strong data-start=\"395\" data-end=\"406\">Kosten:<\/strong> Erwachsene CHF 27.\u2013 \/ Kinder (6\u201312 Jahre) CHF 2.30 pro Altersjahr<em><br data-start=\"366\" data-end=\"369\" \/><\/em><strong>Geheimtipp:<\/strong> Fr\u00fchst\u00fccksg\u00e4ste profitieren von verg\u00fcnstigtem 50% Eintritt in den Schaubereich.<em><br data-start=\"366\" data-end=\"369\" \/><\/em><\/p>\n<p>[\/vc_column_text][vc_column_text uncode_shortcode_id=&#8220;753665&#8243;]<\/p>\n<h4 data-start=\"99\" data-end=\"295\"><strong>MENU: KARFREITAG &amp; OSTERTAGE<\/strong><\/h4>\n<p>Geniessen Sie unser Spezialmenu am Karfreitag und \u00fcber die Ostertage. <span class=\"a_GcMg font-feature-liga-off font-feature-clig-off font-feature-calt-off text-decoration-none text-strikethrough-none\">Bei uns ist K\u00e4se zwar Trumpf \u2013 doch nicht alles, was auf den Teller kommt, ist K\u00e4se<\/span><br \/>\n<strong>Wann:<\/strong> Karfreitag, 3. April bis Ostermontag, 6. April, durchgehend warme K\u00fcche<\/p>\n<p><strong><a href=\"https:\/\/www.schaukaeserei.ch\/wp-content\/uploads\/2026\/03\/ASK_Ostern-2026.pdf\">Menu: Karfreitag und Ostertage<\/a><\/strong>[\/vc_column_text][\/vc_column_inner][\/vc_row_inner][\/vc_column][\/vc_row][vc_row row_height_percent=&#8220;0&#8243; override_padding=&#8220;yes&#8220; h_padding=&#8220;2&#8243; top_padding=&#8220;3&#8243; bottom_padding=&#8220;3&#8243; overlay_alpha=&#8220;50&#8243; gutter_size=&#8220;3&#8243; column_width_percent=&#8220;100&#8243; shift_y=&#8220;0&#8243; z_index=&#8220;0&#8243; content_parallax=&#8220;0&#8243; uncode_shortcode_id=&#8220;178986&#8243; el_class=&#8220;hide&#8220;][vc_column width=&#8220;1\/1&#8243;][vc_column_text uncode_shortcode_id=&#8220;103330&#8243;]<\/p>\n<h2>Battle of TASTE \u2013 Der Genuss-Wettbewerb der Ostschweiz<\/h2>\n<p>Drei Regionen. Unz\u00e4hlige Spezialit\u00e4ten. Ein kulinarischer Wettstreit.<br \/>\nDank Ihrer Stimmen wurden wir nominiert! Jetzt treten wir gegen andere K\u00e4sereien aus dem Appenzellerland und der St. Gallen-Bodensee-Region an \u2013 im Rennen um das \ud835\udc0a\u00e4\ud835\udc2c\ud835\udc1e\ud835\udc20\ud835\udc1e\ud835\udc27\ud835\udc2e\ud835\udc2c\ud835\udc2c\ud835\udc1e\ud835\udc2b\ud835\udc25\ud835\udc1e\ud835\udc1b\ud835\udc27\ud835\udc22\ud835\udc2c \ud835\udc1d\ud835\udc1e\ud835\udc2b \ud835\udc0e\ud835\udc2c\ud835\udc2d\ud835\udc2c\ud835\udc1c\ud835\udc21\ud835\udc30\ud835\udc1e\ud835\udc22\ud835\udc33.<\/p>\n<p><img decoding=\"async\" class=\"emoji\" role=\"img\" draggable=\"false\" src=\"https:\/\/s.w.org\/images\/core\/emoji\/16.0.1\/svg\/1f449.svg\" alt=\"\ud83d\udc49\" \/> \ud835\udc08\ud835\udc21\ud835\udc2b\ud835\udc1e \ud835\udc12\ud835\udc2d\ud835\udc22\ud835\udc26\ud835\udc26\ud835\udc1e \ud835\udc33\u00e4\ud835\udc21\ud835\udc25\ud835\udc2d! Helfen Sie uns, die w\u00fcrzigste Schauk\u00e4serei der Schweiz zum Sieger zu machen. <a href=\"https:\/\/battle-of-taste.ch\/voting\/?region=appenzell-ausserrhoden&amp;angebot=kaese\"><span style=\"color: #ff0000;\"><strong>Jetzt abstimmen<\/strong><\/span><\/a>[\/vc_column_text][\/vc_column][\/vc_row][vc_row unlock_row_content=&#8220;yes&#8220; row_height_percent=&#8220;0&#8243; override_padding=&#8220;yes&#8220; h_padding=&#8220;0&#8243; top_padding=&#8220;0&#8243; bottom_padding=&#8220;0&#8243; back_image=&#8220;174&#8243; overlay_alpha=&#8220;50&#8243; equal_height=&#8220;yes&#8220; gutter_size=&#8220;0&#8243; column_width_percent=&#8220;100&#8243; shift_y=&#8220;0&#8243; z_index=&#8220;0&#8243; inverted_device_order=&#8220;yes&#8220; content_parallax=&#8220;0&#8243; uncode_shortcode_id=&#8220;144451&#8243; el_class=&#8220;hide&#8220;][vc_column column_width_percent=&#8220;100&#8243; position_vertical=&#8220;middle&#8220; gutter_size=&#8220;3&#8243; override_padding=&#8220;yes&#8220; column_padding=&#8220;5&#8243; style=&#8220;dark&#8220; back_image=&#8220;142&#8243; overlay_alpha=&#8220;50&#8243; shift_x=&#8220;0&#8243; shift_y=&#8220;0&#8243; shift_y_down=&#8220;0&#8243; z_index=&#8220;0&#8243; medium_width=&#8220;0&#8243; mobile_width=&#8220;0&#8243; width=&#8220;1\/2&#8243; el_class=&#8220;textColRight&#8220;][vc_column_text el_class=&#8220;textbox_01&#8243; uncode_shortcode_id=&#8220;375206&#8243;]<\/p>\n<header>\n<h2>TASTE-F\u00fchrung<\/h2>\n<p>BATTLE OF TASTE<\/p>\n<\/header>\n<article><\/article>\n<p>[\/vc_column_text][\/vc_column][vc_column column_width_percent=&#8220;100&#8243; gutter_size=&#8220;3&#8243; back_image=&#8220;10590&#8243; back_position=&#8220;center center&#8220; overlay_alpha=&#8220;50&#8243; shift_x=&#8220;0&#8243; shift_y=&#8220;0&#8243; shift_y_down=&#8220;0&#8243; z_index=&#8220;0&#8243; medium_width=&#8220;0&#8243; mobile_width=&#8220;0&#8243; width=&#8220;1\/2&#8243; uncode_shortcode_id=&#8220;493803&#8243;][vc_empty_space empty_h=&#8220;5&#8243;][vc_empty_space empty_h=&#8220;5&#8243;][vc_empty_space empty_h=&#8220;5&#8243; mobile_visibility=&#8220;yes&#8220;][\/vc_column][\/vc_row][vc_row row_height_percent=&#8220;0&#8243; override_padding=&#8220;yes&#8220; h_padding=&#8220;2&#8243; top_padding=&#8220;3&#8243; bottom_padding=&#8220;3&#8243; overlay_alpha=&#8220;50&#8243; gutter_size=&#8220;3&#8243; column_width_percent=&#8220;100&#8243; shift_y=&#8220;0&#8243; z_index=&#8220;0&#8243; content_parallax=&#8220;0&#8243; uncode_shortcode_id=&#8220;125672&#8243; el_class=&#8220;hide&#8220;][vc_column width=&#8220;1\/1&#8243;][vc_column_text uncode_shortcode_id=&#8220;991905&#8243;]<\/p>\n<h3>TASTE-F\u00fchrung<\/h3>\n<p>Im Rahmen des Genuss-Wettbewerbs der Ostschweiz l\u00e4dt die Appenzeller\u00ae Schauk\u00e4serei im September zu einem ganz besonderen Erlebnis ein: Die exklusive TASTE-F\u00fchrung. Tauchen Sie ein in die faszinierende Welt der K\u00e4seherstellung und erfahren Sie hautnah, wie der ber\u00fchmte Appenzeller\u00ae K\u00e4se entsteht. <strong>Als Highlight der F\u00fchrung erwartet Sie eine\u00a0exklusive Degustation des gesamten Appenzeller\u00ae Sortiments\u00a0mit aktuell\u00a010 verschiedene Sorten.<\/strong><\/p>\n<ul>\n<li>Jeden Mittwochnachmittag im September, jeweils um 14.00 Uhr<\/li>\n<li>CHF 13.- pro Erwachsene \/ CHF 8.00 pro Kind (F\u00fchrung inkl. Degustation Vollsortiment Appenzeller\u00ae K\u00e4se)<\/li>\n<\/ul>\n<p>Ein Muss f\u00fcr alle K\u00e4seliebhaber \u2013 und alle, die es werden wollen.<br \/>\nGeniessen Sie den w\u00fcrzigsten K\u00e4se der Schweiz in seiner ganzen Vielfalt!<\/p>\n<p><span style=\"color: #ff0000;\"><strong><a style=\"color: #ff0000;\" href=\"https:\/\/shop.e-guma.ch\/schaukaeserei\/de\/events\/c\/taste-fuehrung-appenzeller-schaukaeserei-4148396\">Jetzt buchen<\/a><\/strong><\/span>[\/vc_column_text][\/vc_column][\/vc_row][vc_row unlock_row_content=&#8220;yes&#8220; row_height_percent=&#8220;0&#8243; override_padding=&#8220;yes&#8220; h_padding=&#8220;0&#8243; top_padding=&#8220;0&#8243; bottom_padding=&#8220;0&#8243; overlay_alpha=&#8220;50&#8243; equal_height=&#8220;yes&#8220; gutter_size=&#8220;0&#8243; column_width_percent=&#8220;100&#8243; shift_y=&#8220;0&#8243; z_index=&#8220;0&#8243; content_parallax=&#8220;0&#8243; uncode_shortcode_id=&#8220;190403&#8243; el_class=&#8220;hide&#8220;][vc_column column_width_percent=&#8220;100&#8243; gutter_size=&#8220;3&#8243; back_image=&#8220;10569&#8243; back_position=&#8220;center center&#8220; overlay_alpha=&#8220;50&#8243; shift_x=&#8220;0&#8243; shift_y=&#8220;0&#8243; shift_y_down=&#8220;0&#8243; z_index=&#8220;0&#8243; medium_width=&#8220;0&#8243; mobile_width=&#8220;0&#8243; width=&#8220;1\/2&#8243; uncode_shortcode_id=&#8220;118169&#8243;][vc_empty_space empty_h=&#8220;5&#8243;][vc_empty_space empty_h=&#8220;5&#8243; mobile_visibility=&#8220;yes&#8220;][vc_empty_space empty_h=&#8220;5&#8243; mobile_visibility=&#8220;yes&#8220;][\/vc_column][vc_column column_width_percent=&#8220;100&#8243; position_vertical=&#8220;middle&#8220; gutter_size=&#8220;3&#8243; override_padding=&#8220;yes&#8220; column_padding=&#8220;5&#8243; style=&#8220;dark&#8220; back_image=&#8220;142&#8243; overlay_alpha=&#8220;50&#8243; shift_x=&#8220;0&#8243; shift_y=&#8220;0&#8243; shift_y_down=&#8220;0&#8243; z_index=&#8220;0&#8243; medium_width=&#8220;0&#8243; mobile_width=&#8220;0&#8243; width=&#8220;1\/2&#8243; el_class=&#8220;textColRight&#8220; uncode_shortcode_id=&#8220;266349&#8243;][vc_column_text el_class=&#8220;textbox_01&#8243; uncode_shortcode_id=&#8220;920774&#8243;]<\/p>\n<header>\n<h2>Most-Indien trifft w\u00fcrziges Appenzellerland<\/h2>\n<p>BATTLE OF TASTE<\/p>\n<\/header>\n<article><\/article>\n<p>[\/vc_column_text][\/vc_column][\/vc_row][vc_row row_height_percent=&#8220;0&#8243; override_padding=&#8220;yes&#8220; h_padding=&#8220;2&#8243; top_padding=&#8220;3&#8243; bottom_padding=&#8220;3&#8243; overlay_alpha=&#8220;50&#8243; gutter_size=&#8220;3&#8243; column_width_percent=&#8220;100&#8243; shift_y=&#8220;0&#8243; z_index=&#8220;0&#8243; content_parallax=&#8220;0&#8243; uncode_shortcode_id=&#8220;324155&#8243; el_class=&#8220;hide&#8220;][vc_column width=&#8220;1\/1&#8243;][vc_column_text uncode_shortcode_id=&#8220;162337&#8243;]<\/p>\n<h3>Most-Indien trifft w\u00fcrziges Appenzellerland<\/h3>\n<p>Fr\u00fcchte und K\u00e4se harmonieren immer gut. Aber wie schmeckt Most mit K\u00e4se?<br \/>\nErfahren Sie mehr schmackhafte Kombinationen und welche Sorten des w\u00fcrzigen Appenzeller\u00ae\u00a0K\u00e4se zu welchem \u00abSaftprodukt\u00bb der Mosterei M\u00f6hl passt. Unsere Gastgeberin h\u00e4lt viele spannende Informationen f\u00fcr Sie bereit.<\/p>\n<ul>\n<li>Di. 23.09.2025 um 15.00 Uhr \/ CHF 45.00 pro Person<\/li>\n<\/ul>\n<p><span style=\"color: #ff0000;\"><strong><a style=\"color: #ff0000;\" href=\"https:\/\/shop.e-guma.ch\/schaukaeserei\/de\/events\/cider-and-cheese-1542335\">Jetzt buchen<\/a><\/strong><\/span>[\/vc_column_text][\/vc_column][\/vc_row][vc_row unlock_row_content=&#8220;yes&#8220; row_height_percent=&#8220;0&#8243; override_padding=&#8220;yes&#8220; h_padding=&#8220;0&#8243; top_padding=&#8220;0&#8243; bottom_padding=&#8220;0&#8243; back_image=&#8220;174&#8243; overlay_alpha=&#8220;50&#8243; equal_height=&#8220;yes&#8220; gutter_size=&#8220;0&#8243; column_width_percent=&#8220;100&#8243; shift_y=&#8220;0&#8243; z_index=&#8220;0&#8243; inverted_device_order=&#8220;yes&#8220; content_parallax=&#8220;0&#8243; uncode_shortcode_id=&#8220;100504&#8243; el_class=&#8220;hide&#8220;][vc_column column_width_percent=&#8220;100&#8243; position_vertical=&#8220;middle&#8220; gutter_size=&#8220;3&#8243; override_padding=&#8220;yes&#8220; column_padding=&#8220;5&#8243; style=&#8220;dark&#8220; back_image=&#8220;142&#8243; overlay_alpha=&#8220;50&#8243; shift_x=&#8220;0&#8243; shift_y=&#8220;0&#8243; shift_y_down=&#8220;0&#8243; z_index=&#8220;0&#8243; medium_width=&#8220;0&#8243; mobile_width=&#8220;0&#8243; width=&#8220;1\/2&#8243; el_class=&#8220;textColRight&#8220;][vc_column_text el_class=&#8220;textbox_01&#8243; uncode_shortcode_id=&#8220;494788&#8243;]<\/p>\n<header>\n<h2>Bier trifft K\u00e4se<\/h2>\n<p>BATTLE OF TASTE<\/p>\n<\/header>\n<article><\/article>\n<p>[\/vc_column_text][\/vc_column][vc_column column_width_percent=&#8220;100&#8243; gutter_size=&#8220;3&#8243; back_image=&#8220;10572&#8243; back_position=&#8220;center center&#8220; overlay_alpha=&#8220;50&#8243; shift_x=&#8220;0&#8243; shift_y=&#8220;0&#8243; shift_y_down=&#8220;0&#8243; z_index=&#8220;0&#8243; medium_width=&#8220;0&#8243; mobile_width=&#8220;0&#8243; width=&#8220;1\/2&#8243; uncode_shortcode_id=&#8220;134930&#8243;][vc_empty_space empty_h=&#8220;5&#8243;][vc_empty_space empty_h=&#8220;5&#8243;][vc_empty_space empty_h=&#8220;5&#8243; mobile_visibility=&#8220;yes&#8220;][\/vc_column][\/vc_row][vc_row row_height_percent=&#8220;0&#8243; override_padding=&#8220;yes&#8220; h_padding=&#8220;2&#8243; top_padding=&#8220;3&#8243; bottom_padding=&#8220;3&#8243; overlay_alpha=&#8220;50&#8243; gutter_size=&#8220;3&#8243; column_width_percent=&#8220;100&#8243; shift_y=&#8220;0&#8243; z_index=&#8220;0&#8243; content_parallax=&#8220;0&#8243; uncode_shortcode_id=&#8220;235924&#8243; el_class=&#8220;hide&#8220;][vc_column width=&#8220;1\/1&#8243;][vc_column_text uncode_shortcode_id=&#8220;212742&#8243;]<\/p>\n<h3>Bier trifft K\u00e4se<\/h3>\n<p>Geniessen Sie mit unserer Gastgeberin eine Degustation von Appenzeller\u00ae mild- bis edelw\u00fcrzig mit den passend w\u00fcrzigen Bieren der Brauerei Locher. So lernen Sie das Appenzellerland noch besser kennen.<\/p>\n<ul>\n<li>Fr. 26.09.2025 um 15.00 Uhr \/ CHF 48.00 pro Person<\/li>\n<\/ul>\n<p><span style=\"color: #ff0000;\"><strong><a style=\"color: #ff0000;\" href=\"https:\/\/shop.e-guma.ch\/schaukaeserei\/de\/events\/bier-trifft-kaese-4201727\">Jetzt buchen<\/a><\/strong><\/span>[\/vc_column_text][\/vc_column][\/vc_row][vc_row row_height_percent=&#8220;0&#8243; override_padding=&#8220;yes&#8220; h_padding=&#8220;2&#8243; top_padding=&#8220;3&#8243; bottom_padding=&#8220;3&#8243; overlay_alpha=&#8220;50&#8243; gutter_size=&#8220;3&#8243; column_width_percent=&#8220;100&#8243; shift_y=&#8220;0&#8243; z_index=&#8220;0&#8243; content_parallax=&#8220;0&#8243; uncode_shortcode_id=&#8220;209522&#8243; el_class=&#8220;hide&#8220;][vc_column width=&#8220;1\/1&#8243;][vc_column_text]<\/p>\n<h2>Erleben Sie unsere Appenzeller Kultur und Anl\u00e4sse<\/h2>\n<p>Bei uns gibt es Appenzeller Kultur f\u00fcr alle Sinne, denn das Appenzellerland ist ber\u00fchmt f\u00fcr seine Musik und sein Kunsthandwerk.[\/vc_column_text][\/vc_column][\/vc_row][vc_row unlock_row_content=&#8220;yes&#8220; row_height_percent=&#8220;0&#8243; override_padding=&#8220;yes&#8220; h_padding=&#8220;0&#8243; top_padding=&#8220;0&#8243; bottom_padding=&#8220;0&#8243; overlay_alpha=&#8220;50&#8243; equal_height=&#8220;yes&#8220; gutter_size=&#8220;0&#8243; column_width_percent=&#8220;100&#8243; shift_y=&#8220;0&#8243; z_index=&#8220;0&#8243; content_parallax=&#8220;0&#8243; uncode_shortcode_id=&#8220;172183&#8243; el_class=&#8220;hide&#8220;][vc_column column_width_percent=&#8220;100&#8243; gutter_size=&#8220;3&#8243; back_image=&#8220;9263&#8243; back_position=&#8220;center center&#8220; overlay_alpha=&#8220;50&#8243; shift_x=&#8220;0&#8243; shift_y=&#8220;0&#8243; shift_y_down=&#8220;0&#8243; z_index=&#8220;0&#8243; medium_width=&#8220;0&#8243; mobile_width=&#8220;0&#8243; width=&#8220;1\/2&#8243; uncode_shortcode_id=&#8220;251033&#8243;][vc_empty_space empty_h=&#8220;5&#8243;][vc_empty_space empty_h=&#8220;5&#8243;][vc_empty_space empty_h=&#8220;5&#8243; mobile_visibility=&#8220;yes&#8220;][vc_empty_space empty_h=&#8220;5&#8243; mobile_visibility=&#8220;yes&#8220;][vc_empty_space empty_h=&#8220;5&#8243; mobile_visibility=&#8220;yes&#8220;][\/vc_column][vc_column column_width_percent=&#8220;100&#8243; position_vertical=&#8220;middle&#8220; gutter_size=&#8220;3&#8243; override_padding=&#8220;yes&#8220; column_padding=&#8220;5&#8243; style=&#8220;dark&#8220; back_image=&#8220;142&#8243; overlay_alpha=&#8220;50&#8243; shift_x=&#8220;0&#8243; shift_y=&#8220;0&#8243; shift_y_down=&#8220;0&#8243; z_index=&#8220;0&#8243; medium_width=&#8220;0&#8243; mobile_width=&#8220;0&#8243; width=&#8220;1\/2&#8243; el_class=&#8220;textColRight&#8220; uncode_shortcode_id=&#8220;266349&#8243;][vc_column_text el_class=&#8220;textbox_01&#8243; uncode_shortcode_id=&#8220;206563&#8243;]<\/p>\n<header>\n<h2>Schauch\u00e4si Muttertag<\/h2>\n<p>Genusserlebnis<\/p>\n<\/header>\n<article><\/article>\n<p>[\/vc_column_text][\/vc_column][\/vc_row][vc_row row_height_percent=&#8220;0&#8243; overlay_alpha=&#8220;50&#8243; gutter_size=&#8220;3&#8243; column_width_percent=&#8220;100&#8243; shift_y=&#8220;0&#8243; z_index=&#8220;0&#8243; content_parallax=&#8220;0&#8243; uncode_shortcode_id=&#8220;895355&#8243; el_class=&#8220;hide&#8220;][vc_column width=&#8220;1\/1&#8243;][vc_column_text uncode_shortcode_id=&#8220;100005&#8243;]<strong>Verbringen Sie den Muttertag bei uns in der Appenzeller Schauk\u00e4serei und entdecken Sie das Geheimnis des weltber\u00fchmten Appenzeller\u00ae K\u00e4ses<\/strong>.<\/p>\n<p>Unser spezielles Muttertagsticket bietet Ihnen ein genussvolles Rundum-Erlebnis:<\/p>\n<p>\u2013\u00a0<strong>Eintritt in die interaktive Erlebnisausstellung<\/strong>\u00a0mit Blick in die Live-Produktion, &#8222;Vesper Tr\u00f6ckli&#8220; K\u00e4se Degubox und Kr\u00e4uters\u00e4ckli<br \/>\n\u2013\u00a0<strong>Herzhafter Muttertagsteller<\/strong>\u00a0in unserem gem\u00fctlichen Restaurant<br \/>\n\u2013\u00a0<strong>Ein St\u00fcck \u201eAppenzellerin\u201c\u00a0<\/strong>f\u00fcr den K\u00e4segenuss zu Hause<\/p>\n<p><strong>Muttertagsteller:<\/strong><br \/>\nZartes Kalbssteak an Sauce Hollandaise, serviert mit B\u00e4rlauchsp\u00e4tzli und gr\u00fcnen Spargeln \u2013 saisonal, regional und einfach k\u00f6stlich.<\/p>\n<p><strong>CHF 60.00\u00a0<\/strong><br \/>\n<strong><a href=\"https:\/\/eventfrog.ch\/de\/p\/freizeit-ausfluege\/ausflug\/muttertag-in-der-schaukaeserei-dem-geheimnis-auf-der-spur-7317881608651937970.html\">Jetzt Genusserlebnis buchen.<\/a> <\/strong>Ticket sind limitiert und nur online buchbar.<\/p>\n<p>G\u00f6nnen Sie Ihrer Mutter (und sich selbst) einen genussvollen Tag voller Entdeckungen und regionaler Gastfreundschaft.[\/vc_column_text][\/vc_column][\/vc_row][vc_row unlock_row_content=&#8220;yes&#8220; row_height_percent=&#8220;0&#8243; override_padding=&#8220;yes&#8220; h_padding=&#8220;0&#8243; top_padding=&#8220;0&#8243; bottom_padding=&#8220;0&#8243; overlay_alpha=&#8220;50&#8243; equal_height=&#8220;yes&#8220; gutter_size=&#8220;0&#8243; column_width_percent=&#8220;100&#8243; shift_y=&#8220;0&#8243; z_index=&#8220;0&#8243; uncode_shortcode_id=&#8220;179029&#8243; el_class=&#8220;hide&#8220;][vc_column column_width_percent=&#8220;100&#8243; gutter_size=&#8220;3&#8243; back_image=&#8220;2974&#8243; back_position=&#8220;center center&#8220; overlay_alpha=&#8220;50&#8243; shift_x=&#8220;0&#8243; shift_y=&#8220;0&#8243; shift_y_down=&#8220;0&#8243; z_index=&#8220;0&#8243; medium_width=&#8220;0&#8243; mobile_width=&#8220;0&#8243; width=&#8220;1\/2&#8243;][vc_empty_space empty_h=&#8220;5&#8243;][vc_empty_space empty_h=&#8220;5&#8243;][vc_empty_space empty_h=&#8220;5&#8243; mobile_visibility=&#8220;yes&#8220;][\/vc_column][vc_column column_width_percent=&#8220;100&#8243; position_vertical=&#8220;middle&#8220; gutter_size=&#8220;3&#8243; override_padding=&#8220;yes&#8220; column_padding=&#8220;5&#8243; style=&#8220;dark&#8220; back_image=&#8220;142&#8243; overlay_alpha=&#8220;50&#8243; shift_x=&#8220;0&#8243; shift_y=&#8220;0&#8243; shift_y_down=&#8220;0&#8243; z_index=&#8220;0&#8243; medium_width=&#8220;0&#8243; mobile_width=&#8220;0&#8243; width=&#8220;1\/2&#8243; el_class=&#8220;textColRight&#8220;][vc_column_text el_class=&#8220;textbox_01&#8243; uncode_shortcode_id=&#8220;129830&#8243;]<\/p>\n<header>\n<h2><strong>Der Klang des Appenzellerlands<\/strong><\/h2>\n<\/header>\n<article><\/article>\n<p>[\/vc_column_text][\/vc_column][\/vc_row][vc_row row_height_percent=&#8220;0&#8243; override_padding=&#8220;yes&#8220; h_padding=&#8220;2&#8243; top_padding=&#8220;3&#8243; bottom_padding=&#8220;3&#8243; overlay_alpha=&#8220;50&#8243; gutter_size=&#8220;3&#8243; column_width_percent=&#8220;100&#8243; shift_y=&#8220;0&#8243; z_index=&#8220;0&#8243; uncode_shortcode_id=&#8220;220859&#8243; el_class=&#8220;hide&#8220;][vc_column width=&#8220;1\/1&#8243;][vc_column_text uncode_shortcode_id=&#8220;142816&#8243;]Junge Musiker-Talente zeigen ihr K\u00f6nnen von 14.00 bis 16.00 Uhr.<\/p>\n<p>Daten f\u00fcr 2025 folgen.[\/vc_column_text][\/vc_column][\/vc_row][vc_row][vc_column width=&#8220;1\/1&#8243;][uncode_block id=&#8220;3964&#8243;][\/vc_column][\/vc_row]<\/p>\n<\/div>","protected":false},"excerpt":{"rendered":"<p>[vc_row unlock_row_content=&#8220;yes&#8220; row_height_percent=&#8220;0&#8243; override_padding=&#8220;yes&#8220; h_padding=&#8220;0&#8243; top_padding=&#8220;0&#8243; bottom_padding=&#8220;0&#8243; back_image=&#8220;174&#8243; overlay_alpha=&#8220;50&#8243; equal_height=&#8220;yes&#8220; gutter_size=&#8220;0&#8243; column_width_percent=&#8220;100&#8243; shift_y=&#8220;0&#8243; z_index=&#8220;0&#8243; inverted_device_order=&#8220;yes&#8220;][vc_column column_width_percent=&#8220;100&#8243; position_vertical=&#8220;middle&#8220; gutter_size=&#8220;3&#8243; override_padding=&#8220;yes&#8220; column_padding=&#8220;5&#8243; [&hellip;]<\/p>\n","protected":false},"author":1,"featured_media":0,"parent":410,"menu_order":77,"comment_status":"closed","ping_status":"closed","template":"","meta":{"footnotes":"","_links_to":"","_links_to_target":""},"class_list":["post-412","page","type-page","status-publish","hentry"],"yoast_head":"<!-- This site is optimized with the Yoast SEO plugin v27.4 - https:\/\/yoast.com\/product\/yoast-seo-wordpress\/ -->\n<title>Veranstaltungen &#8211; Appenzeller Schauk\u00e4serei<\/title>\n<meta name=\"description\" content=\"Bei uns gibt es Appenzeller Kultur f\u00fcr alle Sinne, denn das Appenzellerland ist ber\u00fchmt f\u00fcr seine Musik und sein Kunsthandwerk.\" \/>\n<meta name=\"robots\" content=\"index, follow, max-snippet:-1, max-image-preview:large, max-video-preview:-1\" \/>\n<link rel=\"canonical\" href=\"https:\/\/www.schaukaeserei.ch\/de\/aktuelles\/veranstaltungen\/\" \/>\n<meta property=\"og:locale\" content=\"de_DE\" \/>\n<meta property=\"og:type\" content=\"article\" \/>\n<meta property=\"og:title\" content=\"Veranstaltungen &#8211; Appenzeller Schauk\u00e4serei\" \/>\n<meta property=\"og:description\" content=\"Bei uns gibt es Appenzeller Kultur f\u00fcr alle Sinne, denn das Appenzellerland ist ber\u00fchmt f\u00fcr seine Musik und sein Kunsthandwerk.\" \/>\n<meta property=\"og:url\" content=\"https:\/\/www.schaukaeserei.ch\/de\/aktuelles\/veranstaltungen\/\" \/>\n<meta property=\"og:site_name\" content=\"Appenzeller Schauk\u00e4serei\" \/>\n<meta property=\"article:modified_time\" content=\"2026-04-07T06:08:10+00:00\" \/>\n<meta property=\"og:image\" content=\"https:\/\/s.w.org\/images\/core\/emoji\/16.0.1\/svg\/1f449.svg\" \/>\n<meta name=\"twitter:card\" content=\"summary_large_image\" \/>\n<meta name=\"twitter:label1\" content=\"Gesch\u00e4tzte Lesezeit\" \/>\n\t<meta name=\"twitter:data1\" content=\"8\u00a0Minuten\" \/>\n<script type=\"application\/ld+json\" class=\"yoast-schema-graph\">{\"@context\":\"https:\\\/\\\/schema.org\",\"@graph\":[{\"@type\":\"WebPage\",\"@id\":\"https:\\\/\\\/www.schaukaeserei.ch\\\/de\\\/aktuelles\\\/veranstaltungen\\\/\",\"url\":\"https:\\\/\\\/www.schaukaeserei.ch\\\/de\\\/aktuelles\\\/veranstaltungen\\\/\",\"name\":\"Veranstaltungen &#8211; Appenzeller Schauk\u00e4serei\",\"isPartOf\":{\"@id\":\"https:\\\/\\\/www.schaukaeserei.ch\\\/de\\\/#website\"},\"primaryImageOfPage\":{\"@id\":\"https:\\\/\\\/www.schaukaeserei.ch\\\/de\\\/aktuelles\\\/veranstaltungen\\\/#primaryimage\"},\"image\":{\"@id\":\"https:\\\/\\\/www.schaukaeserei.ch\\\/de\\\/aktuelles\\\/veranstaltungen\\\/#primaryimage\"},\"thumbnailUrl\":\"https:\\\/\\\/s.w.org\\\/images\\\/core\\\/emoji\\\/16.0.1\\\/svg\\\/1f449.svg\",\"datePublished\":\"2019-08-09T12:23:39+00:00\",\"dateModified\":\"2026-04-07T06:08:10+00:00\",\"description\":\"Bei uns gibt es Appenzeller Kultur f\u00fcr alle Sinne, denn das Appenzellerland ist ber\u00fchmt f\u00fcr seine Musik und sein Kunsthandwerk.\",\"breadcrumb\":{\"@id\":\"https:\\\/\\\/www.schaukaeserei.ch\\\/de\\\/aktuelles\\\/veranstaltungen\\\/#breadcrumb\"},\"inLanguage\":\"de\",\"potentialAction\":[{\"@type\":\"ReadAction\",\"target\":[\"https:\\\/\\\/www.schaukaeserei.ch\\\/de\\\/aktuelles\\\/veranstaltungen\\\/\"]}]},{\"@type\":\"ImageObject\",\"inLanguage\":\"de\",\"@id\":\"https:\\\/\\\/www.schaukaeserei.ch\\\/de\\\/aktuelles\\\/veranstaltungen\\\/#primaryimage\",\"url\":\"https:\\\/\\\/s.w.org\\\/images\\\/core\\\/emoji\\\/16.0.1\\\/svg\\\/1f449.svg\",\"contentUrl\":\"https:\\\/\\\/s.w.org\\\/images\\\/core\\\/emoji\\\/16.0.1\\\/svg\\\/1f449.svg\"},{\"@type\":\"BreadcrumbList\",\"@id\":\"https:\\\/\\\/www.schaukaeserei.ch\\\/de\\\/aktuelles\\\/veranstaltungen\\\/#breadcrumb\",\"itemListElement\":[{\"@type\":\"ListItem\",\"position\":1,\"name\":\"Startseite\",\"item\":\"https:\\\/\\\/www.schaukaeserei.ch\\\/de\\\/\"},{\"@type\":\"ListItem\",\"position\":2,\"name\":\"Aktuelles\",\"item\":\"https:\\\/\\\/www.schaukaeserei.ch\\\/de\\\/aktuelles\\\/\"},{\"@type\":\"ListItem\",\"position\":3,\"name\":\"Veranstaltungen\"}]},{\"@type\":\"WebSite\",\"@id\":\"https:\\\/\\\/www.schaukaeserei.ch\\\/de\\\/#website\",\"url\":\"https:\\\/\\\/www.schaukaeserei.ch\\\/de\\\/\",\"name\":\"Appenzeller Schauk\u00e4serei\",\"description\":\"Entdecken Sie den geheimnisvollen Appenzeller K\u00e4se\",\"potentialAction\":[{\"@type\":\"SearchAction\",\"target\":{\"@type\":\"EntryPoint\",\"urlTemplate\":\"https:\\\/\\\/www.schaukaeserei.ch\\\/de\\\/?s={search_term_string}\"},\"query-input\":{\"@type\":\"PropertyValueSpecification\",\"valueRequired\":true,\"valueName\":\"search_term_string\"}}],\"inLanguage\":\"de\"}]}<\/script>\n<!-- \/ Yoast SEO plugin. -->","yoast_head_json":{"title":"Veranstaltungen &#8211; Appenzeller Schauk\u00e4serei","description":"Bei uns gibt es Appenzeller Kultur f\u00fcr alle Sinne, denn das Appenzellerland ist ber\u00fchmt f\u00fcr seine Musik und sein Kunsthandwerk.","robots":{"index":"index","follow":"follow","max-snippet":"max-snippet:-1","max-image-preview":"max-image-preview:large","max-video-preview":"max-video-preview:-1"},"canonical":"https:\/\/www.schaukaeserei.ch\/de\/aktuelles\/veranstaltungen\/","og_locale":"de_DE","og_type":"article","og_title":"Veranstaltungen &#8211; Appenzeller Schauk\u00e4serei","og_description":"Bei uns gibt es Appenzeller Kultur f\u00fcr alle Sinne, denn das Appenzellerland ist ber\u00fchmt f\u00fcr seine Musik und sein Kunsthandwerk.","og_url":"https:\/\/www.schaukaeserei.ch\/de\/aktuelles\/veranstaltungen\/","og_site_name":"Appenzeller Schauk\u00e4serei","article_modified_time":"2026-04-07T06:08:10+00:00","og_image":[{"url":"https:\/\/s.w.org\/images\/core\/emoji\/16.0.1\/svg\/1f449.svg","type":"","width":"","height":""}],"twitter_card":"summary_large_image","twitter_misc":{"Gesch\u00e4tzte Lesezeit":"8\u00a0Minuten"},"schema":{"@context":"https:\/\/schema.org","@graph":[{"@type":"WebPage","@id":"https:\/\/www.schaukaeserei.ch\/de\/aktuelles\/veranstaltungen\/","url":"https:\/\/www.schaukaeserei.ch\/de\/aktuelles\/veranstaltungen\/","name":"Veranstaltungen &#8211; Appenzeller Schauk\u00e4serei","isPartOf":{"@id":"https:\/\/www.schaukaeserei.ch\/de\/#website"},"primaryImageOfPage":{"@id":"https:\/\/www.schaukaeserei.ch\/de\/aktuelles\/veranstaltungen\/#primaryimage"},"image":{"@id":"https:\/\/www.schaukaeserei.ch\/de\/aktuelles\/veranstaltungen\/#primaryimage"},"thumbnailUrl":"https:\/\/s.w.org\/images\/core\/emoji\/16.0.1\/svg\/1f449.svg","datePublished":"2019-08-09T12:23:39+00:00","dateModified":"2026-04-07T06:08:10+00:00","description":"Bei uns gibt es Appenzeller Kultur f\u00fcr alle Sinne, denn das Appenzellerland ist ber\u00fchmt f\u00fcr seine Musik und sein Kunsthandwerk.","breadcrumb":{"@id":"https:\/\/www.schaukaeserei.ch\/de\/aktuelles\/veranstaltungen\/#breadcrumb"},"inLanguage":"de","potentialAction":[{"@type":"ReadAction","target":["https:\/\/www.schaukaeserei.ch\/de\/aktuelles\/veranstaltungen\/"]}]},{"@type":"ImageObject","inLanguage":"de","@id":"https:\/\/www.schaukaeserei.ch\/de\/aktuelles\/veranstaltungen\/#primaryimage","url":"https:\/\/s.w.org\/images\/core\/emoji\/16.0.1\/svg\/1f449.svg","contentUrl":"https:\/\/s.w.org\/images\/core\/emoji\/16.0.1\/svg\/1f449.svg"},{"@type":"BreadcrumbList","@id":"https:\/\/www.schaukaeserei.ch\/de\/aktuelles\/veranstaltungen\/#breadcrumb","itemListElement":[{"@type":"ListItem","position":1,"name":"Startseite","item":"https:\/\/www.schaukaeserei.ch\/de\/"},{"@type":"ListItem","position":2,"name":"Aktuelles","item":"https:\/\/www.schaukaeserei.ch\/de\/aktuelles\/"},{"@type":"ListItem","position":3,"name":"Veranstaltungen"}]},{"@type":"WebSite","@id":"https:\/\/www.schaukaeserei.ch\/de\/#website","url":"https:\/\/www.schaukaeserei.ch\/de\/","name":"Appenzeller Schauk\u00e4serei","description":"Entdecken Sie den geheimnisvollen Appenzeller K\u00e4se","potentialAction":[{"@type":"SearchAction","target":{"@type":"EntryPoint","urlTemplate":"https:\/\/www.schaukaeserei.ch\/de\/?s={search_term_string}"},"query-input":{"@type":"PropertyValueSpecification","valueRequired":true,"valueName":"search_term_string"}}],"inLanguage":"de"}]}},"publishpress_future_workflow_manual_trigger":{"enabledWorkflows":[]},"_links":{"self":[{"href":"https:\/\/www.schaukaeserei.ch\/de\/wp-json\/wp\/v2\/pages\/412","targetHints":{"allow":["GET"]}}],"collection":[{"href":"https:\/\/www.schaukaeserei.ch\/de\/wp-json\/wp\/v2\/pages"}],"about":[{"href":"https:\/\/www.schaukaeserei.ch\/de\/wp-json\/wp\/v2\/types\/page"}],"author":[{"embeddable":true,"href":"https:\/\/www.schaukaeserei.ch\/de\/wp-json\/wp\/v2\/users\/1"}],"replies":[{"embeddable":true,"href":"https:\/\/www.schaukaeserei.ch\/de\/wp-json\/wp\/v2\/comments?post=412"}],"version-history":[{"count":186,"href":"https:\/\/www.schaukaeserei.ch\/de\/wp-json\/wp\/v2\/pages\/412\/revisions"}],"predecessor-version":[{"id":12080,"href":"https:\/\/www.schaukaeserei.ch\/de\/wp-json\/wp\/v2\/pages\/412\/revisions\/12080"}],"up":[{"embeddable":true,"href":"https:\/\/www.schaukaeserei.ch\/de\/wp-json\/wp\/v2\/pages\/410"}],"wp:attachment":[{"href":"https:\/\/www.schaukaeserei.ch\/de\/wp-json\/wp\/v2\/media?parent=412"}],"curies":[{"name":"wp","href":"https:\/\/api.w.org\/{rel}","templated":true}]}}