{"id":3359,"date":"2020-07-15T13:19:54","date_gmt":"2020-07-15T13:19:54","guid":{"rendered":"https:\/\/www.schaukaeserei.ch\/aktuelles\/medien\/"},"modified":"2024-01-03T16:39:47","modified_gmt":"2024-01-03T15:39:47","slug":"medias","status":"publish","type":"page","link":"https:\/\/www.schaukaeserei.ch\/fr\/actualites\/medias\/","title":{"rendered":"M\u00e9dias"},"content":{"rendered":"<div class=\"wpb-content-wrapper\"><p>[vc_row row_height_percent=\u00a0\u00bb0&Prime; override_padding=\u00a0\u00bbyes\u00a0\u00bb h_padding=\u00a0\u00bb2&Prime; top_padding=\u00a0\u00bb3&Prime; bottom_padding=\u00a0\u00bb3&Prime; overlay_alpha=\u00a0\u00bb50&Prime; gutter_size=\u00a0\u00bb3&Prime; column_width_percent=\u00a0\u00bb100&Prime; shift_y=\u00a0\u00bb0&Prime; z_index=\u00a0\u00bb0&Prime;][vc_column width=\u00a0\u00bb1\/1&Prime;][vc_column_text]<\/p>\n<h2>News de la fromagerie de d\u00e9monstration Appenzeller<\/h2>\n<p>Les nombreux projets et activit\u00e9s \u00e0 la fromagerie de d\u00e9monstration Appenzeller sont toujours des sujets passionnants \u00e0 aborder. Les communiqu\u00e9s de presse sont \u00e0 votre disposition pour tous vos articles. N\u2019h\u00e9sitez pas \u00e0 nous contacter pour toute question.<\/p>\n<p>Vous trouverez ici tous nos communiqu\u00e9s de <a href=\"https:\/\/www.schaukaeserei.ch\/fr\/actualites\/\">presse<\/a>.[\/vc_column_text][\/vc_column][\/vc_row][vc_row unlock_row_content=\u00a0\u00bbyes\u00a0\u00bb row_height_percent=\u00a0\u00bb0&Prime; override_padding=\u00a0\u00bbyes\u00a0\u00bb h_padding=\u00a0\u00bb0&Prime; top_padding=\u00a0\u00bb0&Prime; bottom_padding=\u00a0\u00bb0&Prime; overlay_alpha=\u00a0\u00bb50&Prime; equal_height=\u00a0\u00bbyes\u00a0\u00bb gutter_size=\u00a0\u00bb0&Prime; column_width_percent=\u00a0\u00bb100&Prime; shift_y=\u00a0\u00bb0&Prime; z_index=\u00a0\u00bb0&Prime;][vc_column column_width_percent=\u00a0\u00bb100&Prime; gutter_size=\u00a0\u00bb3&Prime; back_image=\u00a0\u00bb2091&Prime; back_position=\u00a0\u00bbcenter center\u00a0\u00bb overlay_alpha=\u00a0\u00bb50&Prime; shift_x=\u00a0\u00bb0&Prime; shift_y=\u00a0\u00bb0&Prime; shift_y_down=\u00a0\u00bb0&Prime; z_index=\u00a0\u00bb0&Prime; medium_width=\u00a0\u00bb0&Prime; mobile_width=\u00a0\u00bb0&Prime; width=\u00a0\u00bb1\/2&Prime;][vc_empty_space empty_h=\u00a0\u00bb5&Prime;][vc_empty_space empty_h=\u00a0\u00bb5&Prime;][vc_empty_space empty_h=\u00a0\u00bb5&Prime; mobile_visibility=\u00a0\u00bbyes\u00a0\u00bb][\/vc_column][vc_column column_width_percent=\u00a0\u00bb100&Prime; position_vertical=\u00a0\u00bbmiddle\u00a0\u00bb gutter_size=\u00a0\u00bb3&Prime; override_padding=\u00a0\u00bbyes\u00a0\u00bb column_padding=\u00a0\u00bb5&Prime; style=\u00a0\u00bbdark\u00a0\u00bb back_image=\u00a0\u00bb142&Prime; overlay_alpha=\u00a0\u00bb50&Prime; shift_x=\u00a0\u00bb0&Prime; shift_y=\u00a0\u00bb0&Prime; shift_y_down=\u00a0\u00bb0&Prime; z_index=\u00a0\u00bb0&Prime; medium_width=\u00a0\u00bb0&Prime; mobile_width=\u00a0\u00bb0&Prime; width=\u00a0\u00bb1\/2&Prime; el_class=\u00a0\u00bbtextColRight\u00a0\u00bb][vc_column_text el_class=\u00a0\u00bbtextbox_01&Prime; uncode_shortcode_id=\u00a0\u00bb487338&Prime;]Avez-vous besoin d\u2019illustrations ou de photos ou avez-vous encore des questions sur la fromagerie de d\u00e9monstration Appenzeller?<\/p>\n<p>Nous serions heureux que vous preniez contact avec nous.<\/p>\n<p>Appenzeller Schauk\u00e4serei<br \/>\nJenny Bruderer<br \/>\nSales- &amp; Marketingmanagerin<br \/>\nDorf 711<br \/>\n9063 Stein<\/p>\n<p><a href=\"mailto:jenny.bruderer@schaukaeserei.ch\">jenny.bruderer@schaukaeserei.ch<\/a><br \/>\n<a href=\"tel:+41713685070\">T +41 71 368 50 67<\/a>[\/vc_column_text][\/vc_column][\/vc_row][vc_row][vc_column width=\u00a0\u00bb1\/1&Prime;][uncode_block id=\u00a0\u00bb4003&Prime;][\/vc_column][\/vc_row]<\/p>\n<\/div>","protected":false},"excerpt":{"rendered":"<p>[vc_row row_height_percent=\u00a0\u00bb0&Prime; override_padding=\u00a0\u00bbyes\u00a0\u00bb h_padding=\u00a0\u00bb2&Prime; top_padding=\u00a0\u00bb3&Prime; bottom_padding=\u00a0\u00bb3&Prime; overlay_alpha=\u00a0\u00bb50&Prime; gutter_size=\u00a0\u00bb3&Prime; column_width_percent=\u00a0\u00bb100&Prime; shift_y=\u00a0\u00bb0&Prime; z_index=\u00a0\u00bb0&Prime;][vc_column width=\u00a0\u00bb1\/1&Prime;][vc_column_text] News de la fromagerie de d\u00e9monstration Appenzeller Les [&hellip;]<\/p>\n","protected":false},"author":3,"featured_media":0,"parent":3354,"menu_order":76,"comment_status":"closed","ping_status":"closed","template":"","meta":{"footnotes":"","_links_to":"","_links_to_target":""},"class_list":["post-3359","page","type-page","status-publish","hentry"],"yoast_head":"<!-- This site is optimized with the Yoast SEO plugin v27.4 - https:\/\/yoast.com\/product\/yoast-seo-wordpress\/ -->\n<title>M\u00e9dias &#8211; Appenzeller Schauk\u00e4serei<\/title>\n<meta name=\"robots\" content=\"index, follow, max-snippet:-1, max-image-preview:large, max-video-preview:-1\" \/>\n<link rel=\"canonical\" href=\"https:\/\/www.schaukaeserei.ch\/fr\/actualites\/medias\/\" \/>\n<meta property=\"og:locale\" content=\"fr_FR\" \/>\n<meta property=\"og:type\" content=\"article\" \/>\n<meta property=\"og:title\" content=\"M\u00e9dias &#8211; Appenzeller Schauk\u00e4serei\" \/>\n<meta property=\"og:description\" content=\"[vc_row row_height_percent=\u00a0\u00bb0&Prime; override_padding=\u00a0\u00bbyes\u00a0\u00bb h_padding=\u00a0\u00bb2&Prime; top_padding=\u00a0\u00bb3&Prime; bottom_padding=\u00a0\u00bb3&Prime; overlay_alpha=\u00a0\u00bb50&Prime; gutter_size=\u00a0\u00bb3&Prime; column_width_percent=\u00a0\u00bb100&Prime; shift_y=\u00a0\u00bb0&Prime; z_index=\u00a0\u00bb0&Prime;][vc_column width=\u00a0\u00bb1\/1&Prime;][vc_column_text] News de la fromagerie de d\u00e9monstration Appenzeller Les [&hellip;]\" \/>\n<meta property=\"og:url\" content=\"https:\/\/www.schaukaeserei.ch\/fr\/actualites\/medias\/\" \/>\n<meta property=\"og:site_name\" content=\"Appenzeller Schauk\u00e4serei\" \/>\n<meta property=\"article:modified_time\" content=\"2024-01-03T15:39:47+00:00\" \/>\n<meta property=\"og:image\" content=\"https:\/\/www.schaukaeserei.ch\/wp-content\/uploads\/2021\/04\/logo_appenzeller_schaukaeserei@2x.png\" \/>\n\t<meta property=\"og:image:width\" content=\"610\" \/>\n\t<meta property=\"og:image:height\" content=\"202\" \/>\n\t<meta property=\"og:image:type\" content=\"image\/png\" \/>\n<meta name=\"twitter:card\" content=\"summary_large_image\" \/>\n<meta name=\"twitter:label1\" content=\"Dur\u00e9e de lecture estim\u00e9e\" \/>\n\t<meta name=\"twitter:data1\" content=\"1 minute\" \/>\n<script type=\"application\/ld+json\" class=\"yoast-schema-graph\">{\"@context\":\"https:\\\/\\\/schema.org\",\"@graph\":[{\"@type\":\"WebPage\",\"@id\":\"https:\\\/\\\/www.schaukaeserei.ch\\\/fr\\\/actualites\\\/medias\\\/\",\"url\":\"https:\\\/\\\/www.schaukaeserei.ch\\\/fr\\\/actualites\\\/medias\\\/\",\"name\":\"M\u00e9dias &#8211; Appenzeller Schauk\u00e4serei\",\"isPartOf\":{\"@id\":\"https:\\\/\\\/www.schaukaeserei.ch\\\/fr\\\/#website\"},\"datePublished\":\"2020-07-15T13:19:54+00:00\",\"dateModified\":\"2024-01-03T15:39:47+00:00\",\"breadcrumb\":{\"@id\":\"https:\\\/\\\/www.schaukaeserei.ch\\\/fr\\\/actualites\\\/medias\\\/#breadcrumb\"},\"inLanguage\":\"fr-FR\",\"potentialAction\":[{\"@type\":\"ReadAction\",\"target\":[\"https:\\\/\\\/www.schaukaeserei.ch\\\/fr\\\/actualites\\\/medias\\\/\"]}]},{\"@type\":\"BreadcrumbList\",\"@id\":\"https:\\\/\\\/www.schaukaeserei.ch\\\/fr\\\/actualites\\\/medias\\\/#breadcrumb\",\"itemListElement\":[{\"@type\":\"ListItem\",\"position\":1,\"name\":\"Startseite\",\"item\":\"https:\\\/\\\/www.schaukaeserei.ch\\\/fr\\\/\"},{\"@type\":\"ListItem\",\"position\":2,\"name\":\"Actualit\u00e9s\",\"item\":\"https:\\\/\\\/www.schaukaeserei.ch\\\/fr\\\/actualites\\\/\"},{\"@type\":\"ListItem\",\"position\":3,\"name\":\"M\u00e9dias\"}]},{\"@type\":\"WebSite\",\"@id\":\"https:\\\/\\\/www.schaukaeserei.ch\\\/fr\\\/#website\",\"url\":\"https:\\\/\\\/www.schaukaeserei.ch\\\/fr\\\/\",\"name\":\"Appenzeller Schauk\u00e4serei\",\"description\":\"Entdecken Sie den geheimnisvollen Appenzeller K\u00e4se\",\"potentialAction\":[{\"@type\":\"SearchAction\",\"target\":{\"@type\":\"EntryPoint\",\"urlTemplate\":\"https:\\\/\\\/www.schaukaeserei.ch\\\/fr\\\/?s={search_term_string}\"},\"query-input\":{\"@type\":\"PropertyValueSpecification\",\"valueRequired\":true,\"valueName\":\"search_term_string\"}}],\"inLanguage\":\"fr-FR\"}]}<\/script>\n<!-- \/ Yoast SEO plugin. -->","yoast_head_json":{"title":"M\u00e9dias &#8211; Appenzeller Schauk\u00e4serei","robots":{"index":"index","follow":"follow","max-snippet":"max-snippet:-1","max-image-preview":"max-image-preview:large","max-video-preview":"max-video-preview:-1"},"canonical":"https:\/\/www.schaukaeserei.ch\/fr\/actualites\/medias\/","og_locale":"fr_FR","og_type":"article","og_title":"M\u00e9dias &#8211; Appenzeller Schauk\u00e4serei","og_description":"[vc_row row_height_percent=\u00a0\u00bb0&Prime; override_padding=\u00a0\u00bbyes\u00a0\u00bb h_padding=\u00a0\u00bb2&Prime; top_padding=\u00a0\u00bb3&Prime; bottom_padding=\u00a0\u00bb3&Prime; overlay_alpha=\u00a0\u00bb50&Prime; gutter_size=\u00a0\u00bb3&Prime; column_width_percent=\u00a0\u00bb100&Prime; shift_y=\u00a0\u00bb0&Prime; z_index=\u00a0\u00bb0&Prime;][vc_column width=\u00a0\u00bb1\/1&Prime;][vc_column_text] News de la fromagerie de d\u00e9monstration Appenzeller Les [&hellip;]","og_url":"https:\/\/www.schaukaeserei.ch\/fr\/actualites\/medias\/","og_site_name":"Appenzeller Schauk\u00e4serei","article_modified_time":"2024-01-03T15:39:47+00:00","og_image":[{"width":610,"height":202,"url":"https:\/\/www.schaukaeserei.ch\/wp-content\/uploads\/2021\/04\/logo_appenzeller_schaukaeserei@2x.png","type":"image\/png"}],"twitter_card":"summary_large_image","twitter_misc":{"Dur\u00e9e de lecture estim\u00e9e":"1 minute"},"schema":{"@context":"https:\/\/schema.org","@graph":[{"@type":"WebPage","@id":"https:\/\/www.schaukaeserei.ch\/fr\/actualites\/medias\/","url":"https:\/\/www.schaukaeserei.ch\/fr\/actualites\/medias\/","name":"M\u00e9dias &#8211; Appenzeller Schauk\u00e4serei","isPartOf":{"@id":"https:\/\/www.schaukaeserei.ch\/fr\/#website"},"datePublished":"2020-07-15T13:19:54+00:00","dateModified":"2024-01-03T15:39:47+00:00","breadcrumb":{"@id":"https:\/\/www.schaukaeserei.ch\/fr\/actualites\/medias\/#breadcrumb"},"inLanguage":"fr-FR","potentialAction":[{"@type":"ReadAction","target":["https:\/\/www.schaukaeserei.ch\/fr\/actualites\/medias\/"]}]},{"@type":"BreadcrumbList","@id":"https:\/\/www.schaukaeserei.ch\/fr\/actualites\/medias\/#breadcrumb","itemListElement":[{"@type":"ListItem","position":1,"name":"Startseite","item":"https:\/\/www.schaukaeserei.ch\/fr\/"},{"@type":"ListItem","position":2,"name":"Actualit\u00e9s","item":"https:\/\/www.schaukaeserei.ch\/fr\/actualites\/"},{"@type":"ListItem","position":3,"name":"M\u00e9dias"}]},{"@type":"WebSite","@id":"https:\/\/www.schaukaeserei.ch\/fr\/#website","url":"https:\/\/www.schaukaeserei.ch\/fr\/","name":"Appenzeller Schauk\u00e4serei","description":"Entdecken Sie den geheimnisvollen Appenzeller K\u00e4se","potentialAction":[{"@type":"SearchAction","target":{"@type":"EntryPoint","urlTemplate":"https:\/\/www.schaukaeserei.ch\/fr\/?s={search_term_string}"},"query-input":{"@type":"PropertyValueSpecification","valueRequired":true,"valueName":"search_term_string"}}],"inLanguage":"fr-FR"}]}},"publishpress_future_workflow_manual_trigger":{"enabledWorkflows":[]},"_links":{"self":[{"href":"https:\/\/www.schaukaeserei.ch\/fr\/wp-json\/wp\/v2\/pages\/3359","targetHints":{"allow":["GET"]}}],"collection":[{"href":"https:\/\/www.schaukaeserei.ch\/fr\/wp-json\/wp\/v2\/pages"}],"about":[{"href":"https:\/\/www.schaukaeserei.ch\/fr\/wp-json\/wp\/v2\/types\/page"}],"author":[{"embeddable":true,"href":"https:\/\/www.schaukaeserei.ch\/fr\/wp-json\/wp\/v2\/users\/3"}],"replies":[{"embeddable":true,"href":"https:\/\/www.schaukaeserei.ch\/fr\/wp-json\/wp\/v2\/comments?post=3359"}],"version-history":[{"count":8,"href":"https:\/\/www.schaukaeserei.ch\/fr\/wp-json\/wp\/v2\/pages\/3359\/revisions"}],"predecessor-version":[{"id":7286,"href":"https:\/\/www.schaukaeserei.ch\/fr\/wp-json\/wp\/v2\/pages\/3359\/revisions\/7286"}],"up":[{"embeddable":true,"href":"https:\/\/www.schaukaeserei.ch\/fr\/wp-json\/wp\/v2\/pages\/3354"}],"wp:attachment":[{"href":"https:\/\/www.schaukaeserei.ch\/fr\/wp-json\/wp\/v2\/media?parent=3359"}],"curies":[{"name":"wp","href":"https:\/\/api.w.org\/{rel}","templated":true}]}}